{"id":12294,"date":"2025-11-11T21:29:14","date_gmt":"2025-11-12T03:29:14","guid":{"rendered":"https:\/\/finanzasconfiables.com\/?post_type=lp_course&#038;p=12294"},"modified":"2025-11-11T21:32:02","modified_gmt":"2025-11-12T03:32:02","slug":"taller-practico-de-puntos-finos-fiscales-y-contables","status":"publish","type":"lp_course","link":"https:\/\/finanzasconfiables.com\/eng\/cursos-grabados\/taller-practico-de-puntos-finos-fiscales-y-contables\/","title":{"rendered":"Taller pr\u00e1ctico de Puntos finos Fiscales y contables"},"content":{"rendered":"<div data-elementor-type=\"wp-post\" data-elementor-id=\"12294\" class=\"elementor elementor-12294\" data-elementor-post-type=\"lp_course\">\n\t\t\t\t<div class=\"elementor-element elementor-element-8e4bd90 e-flex e-con-boxed e-con e-parent\" data-id=\"8e4bd90\" data-element_type=\"container\" data-e-type=\"container\">\n\t\t\t\t\t<div class=\"e-con-inner\">\n\t\t\t\t<div class=\"elementor-element elementor-element-3c686ba elementor-widget elementor-widget-accordion\" data-id=\"3c686ba\" data-element_type=\"widget\" data-e-type=\"widget\" data-widget_type=\"accordion.default\">\n\t\t\t\t<div class=\"elementor-widget-container\">\n\t\t\t\t\t\t\t<div class=\"elementor-accordion\">\n\t\t\t\t\t\t\t<div class=\"elementor-accordion-item\">\n\t\t\t\t\t<div id=\"elementor-tab-title-6331\" class=\"elementor-tab-title\" data-tab=\"1\" role=\"button\" aria-controls=\"elementor-tab-content-6331\" aria-expanded=\"false\">\n\t\t\t\t\t\t\t\t\t\t\t\t\t<span class=\"elementor-accordion-icon elementor-accordion-icon-right\" aria-hidden=\"true\">\n\t\t\t\t\t\t\t\t\t\t\t\t\t\t\t<span class=\"elementor-accordion-icon-closed\"><svg class=\"e-font-icon-svg e-fas-plus\" viewbox=\"0 0 448 512\" xmlns=\"http:\/\/www.w3.org\/2000\/svg\"><path d=\"M416 208H272V64c0-17.67-14.33-32-32-32h-32c-17.67 0-32 14.33-32 32v144H32c-17.67 0-32 14.33-32 32v32c0 17.67 14.33 32 32 32h144v144c0 17.67 14.33 32 32 32h32c17.67 0 32-14.33 32-32V304h144c17.67 0 32-14.33 32-32v-32c0-17.67-14.33-32-32-32z\"><\/path><\/svg><\/span>\n\t\t\t\t\t\t\t\t<span class=\"elementor-accordion-icon-opened\"><svg class=\"e-font-icon-svg e-fas-minus\" viewbox=\"0 0 448 512\" xmlns=\"http:\/\/www.w3.org\/2000\/svg\"><path d=\"M416 208H32c-17.67 0-32 14.33-32 32v32c0 17.67 14.33 32 32 32h384c17.67 0 32-14.33 32-32v-32c0-17.67-14.33-32-32-32z\"><\/path><\/svg><\/span>\n\t\t\t\t\t\t\t\t\t\t\t\t\t\t<\/span>\n\t\t\t\t\t\t\t\t\t\t\t\t<a class=\"elementor-accordion-title\" tabindex=\"0\">Dirigido a<\/a>\n\t\t\t\t\t<\/div>\n\t\t\t\t\t<div id=\"elementor-tab-content-6331\" class=\"elementor-tab-content elementor-clearfix\" data-tab=\"1\" role=\"region\" aria-labelledby=\"elementor-tab-title-6331\"><p><span id=\"docs-internal-guid-fdebadd1-7fff-ecaa-c943-2a0a0a011570\"><span style=\"font-size: 11pt; font-family: Arial, sans-serif; color: #000000; background-color: transparent; font-weight: bold; font-variant-numeric: normal; font-variant-east-asian: normal; font-variant-alternates: normal; font-variant-position: normal; font-variant-emoji: normal; vertical-align: baseline; white-space-collapse: preserve;\">Contadores p\u00fablicos, auxiliares contables, administradores, asesores fiscales, emprendedores y profesionales del \u00e1rea financiera<\/span><span style=\"font-size: 11pt; font-family: Arial, sans-serif; color: #000000; background-color: transparent; font-variant-numeric: normal; font-variant-east-asian: normal; font-variant-alternates: normal; font-variant-position: normal; font-variant-emoji: normal; vertical-align: baseline; white-space-collapse: preserve;\"> que buscan fortalecer su dominio t\u00e9cnico sobre los aspectos clave del cumplimiento tributario y la correcta aplicaci\u00f3n de las normas contables en M\u00e9xico. Este taller es ideal para quienes desean <\/span><span style=\"font-size: 11pt; font-family: Arial, sans-serif; color: #000000; background-color: transparent; font-weight: bold; font-variant-numeric: normal; font-variant-east-asian: normal; font-variant-alternates: normal; font-variant-position: normal; font-variant-emoji: normal; vertical-align: baseline; white-space-collapse: preserve;\">actualizarse, detectar errores comunes y aplicar criterios fiscales y contables con precisi\u00f3n<\/span><span style=\"font-size: 11pt; font-family: Arial, sans-serif; color: #000000; background-color: transparent; font-variant-numeric: normal; font-variant-east-asian: normal; font-variant-alternates: normal; font-variant-position: normal; font-variant-emoji: normal; vertical-align: baseline; white-space-collapse: preserve;\"> en el cierre del ejercicio y la toma de decisiones empresariales.<\/span><\/span><\/p><\/div>\n\t\t\t\t<\/div>\n\t\t\t\t\t\t\t<div class=\"elementor-accordion-item\">\n\t\t\t\t\t<div id=\"elementor-tab-title-6332\" class=\"elementor-tab-title\" data-tab=\"2\" role=\"button\" aria-controls=\"elementor-tab-content-6332\" aria-expanded=\"false\">\n\t\t\t\t\t\t\t\t\t\t\t\t\t<span class=\"elementor-accordion-icon elementor-accordion-icon-right\" aria-hidden=\"true\">\n\t\t\t\t\t\t\t\t\t\t\t\t\t\t\t<span class=\"elementor-accordion-icon-closed\"><svg class=\"e-font-icon-svg e-fas-plus\" viewbox=\"0 0 448 512\" xmlns=\"http:\/\/www.w3.org\/2000\/svg\"><path d=\"M416 208H272V64c0-17.67-14.33-32-32-32h-32c-17.67 0-32 14.33-32 32v144H32c-17.67 0-32 14.33-32 32v32c0 17.67 14.33 32 32 32h144v144c0 17.67 14.33 32 32 32h32c17.67 0 32-14.33 32-32V304h144c17.67 0 32-14.33 32-32v-32c0-17.67-14.33-32-32-32z\"><\/path><\/svg><\/span>\n\t\t\t\t\t\t\t\t<span class=\"elementor-accordion-icon-opened\"><svg class=\"e-font-icon-svg e-fas-minus\" viewbox=\"0 0 448 512\" xmlns=\"http:\/\/www.w3.org\/2000\/svg\"><path d=\"M416 208H32c-17.67 0-32 14.33-32 32v32c0 17.67 14.33 32 32 32h384c17.67 0 32-14.33 32-32v-32c0-17.67-14.33-32-32-32z\"><\/path><\/svg><\/span>\n\t\t\t\t\t\t\t\t\t\t\t\t\t\t<\/span>\n\t\t\t\t\t\t\t\t\t\t\t\t<a class=\"elementor-accordion-title\" tabindex=\"0\">Temario<\/a>\n\t\t\t\t\t<\/div>\n\t\t\t\t\t<div id=\"elementor-tab-content-6332\" class=\"elementor-tab-content elementor-clearfix\" data-tab=\"2\" role=\"region\" aria-labelledby=\"elementor-tab-title-6332\"><p dir=\"ltr\" style=\"line-height: 1.38; margin-top: 0pt; margin-bottom: 0pt;\"><span style=\"font-size: 11pt; font-family: Arial,sans-serif; color: #000000; background-color: transparent; font-weight: bold; font-style: normal; font-variant: normal; text-decoration: none; vertical-align: baseline; white-space: pre-wrap;\">Depreciaci\u00f3n de activos fijos (contable y fiscal)<\/span><\/p><p dir=\"ltr\" style=\"line-height: 1.38; margin-top: 0pt; margin-bottom: 0pt;\"><span style=\"font-size: 11pt; font-family: Arial,sans-serif; color: #000000; background-color: transparent; font-weight: 400; font-style: normal; font-variant: normal; text-decoration: none; vertical-align: baseline; white-space: pre-wrap;\">&#8211; Definici\u00f3n y clasificaci\u00f3n de activos fijos seg\u00fan normatividad vigente.<\/span><\/p><p dir=\"ltr\" style=\"line-height: 1.38; margin-top: 0pt; margin-bottom: 0pt;\"><span style=\"font-size: 11pt; font-family: Arial,sans-serif; color: #000000; background-color: transparent; font-weight: 400; font-style: normal; font-variant: normal; text-decoration: none; vertical-align: baseline; white-space: pre-wrap;\">&#8211; M\u00e9todos de depreciaci\u00f3n permitidos<\/span><\/p><p dir=\"ltr\" style=\"line-height: 1.38; margin-top: 0pt; margin-bottom: 0pt;\"><span style=\"font-size: 11pt; font-family: Arial,sans-serif; color: #000000; background-color: transparent; font-weight: 400; font-style: normal; font-variant: normal; text-decoration: none; vertical-align: baseline; white-space: pre-wrap;\">&#8211; Actualizaci\u00f3n por inflaci\u00f3n: uso del INPC para revaluaci\u00f3n de activos.<\/span><\/p><p dir=\"ltr\" style=\"line-height: 1.38; margin-top: 0pt; margin-bottom: 0pt;\"><span style=\"font-size: 11pt; font-family: Arial,sans-serif; color: #000000; background-color: transparent; font-weight: 400; font-style: normal; font-variant: normal; text-decoration: none; vertical-align: baseline; white-space: pre-wrap;\">&#8211; Porcentajes m\u00e1ximos de depreciaci\u00f3n fiscal seg\u00fan tipo de activo.<\/span><\/p><p dir=\"ltr\" style=\"line-height: 1.38; margin-top: 0pt; margin-bottom: 0pt;\"><span style=\"font-size: 11pt; font-family: Arial,sans-serif; color: #000000; background-color: transparent; font-weight: 400; font-style: normal; font-variant: normal; text-decoration: none; vertical-align: baseline; white-space: pre-wrap;\">&#8211; Diferencias contables y fiscales en el registro de depreciaciones.<\/span><\/p><p dir=\"ltr\" style=\"line-height: 1.38; margin-top: 0pt; margin-bottom: 0pt;\"><span style=\"font-size: 11pt; font-family: Arial,sans-serif; color: #000000; background-color: transparent; font-weight: 400; font-style: normal; font-variant: normal; text-decoration: none; vertical-align: baseline; white-space: pre-wrap;\">&#8211; Tratamiento fiscal por la venta y baja de activos.<\/span><\/p><p dir=\"ltr\" style=\"line-height: 1.38; margin-top: 0pt; margin-bottom: 0pt;\"><span style=\"font-size: 11pt; font-family: Arial,sans-serif; color: #000000; background-color: transparent; font-weight: 400; font-style: normal; font-variant: normal; text-decoration: none; vertical-align: baseline; white-space: pre-wrap;\">&#8211; Documentaci\u00f3n soporte y Monto original de la inversi\u00f3n (MOI)<\/span><\/p><p dir=\"ltr\" style=\"line-height: 1.38; margin-top: 0pt; margin-bottom: 0pt;\"><span style=\"font-size: 11pt; font-family: Arial,sans-serif; color: #000000; background-color: transparent; font-weight: 400; font-style: normal; font-variant: normal; text-decoration: none; vertical-align: baseline; white-space: pre-wrap;\">&#8211; Pol\u00edticas contables para el reconocimiento del activo o el gasto\u00a0<\/span><\/p><p dir=\"ltr\" style=\"line-height: 1.38; margin-top: 0pt; margin-bottom: 0pt;\"><span style=\"font-size: 11pt; font-family: Arial,sans-serif; color: #000000; background-color: transparent; font-weight: 400; font-style: normal; font-variant: normal; text-decoration: none; vertical-align: baseline; white-space: pre-wrap;\">&#8211; \u2060Casos pr\u00e1cticos\u00a0<\/span><\/p><p dir=\"ltr\" style=\"line-height: 1.38; margin-top: 0pt; margin-bottom: 0pt;\"><span style=\"font-size: 11pt; font-family: Arial,sans-serif; color: #000000; background-color: transparent; font-weight: 400; font-style: normal; font-variant: normal; text-decoration: none; vertical-align: baseline; white-space: pre-wrap;\">&#8211; \u2060Calculadoras en Excel\u00a0<\/span><\/p><p dir=\"ltr\" style=\"line-height: 1.38; margin-top: 0pt; margin-bottom: 0pt;\"><span style=\"font-size: 11pt; font-family: Arial,sans-serif; color: #000000; background-color: transparent; font-weight: 400; font-style: normal; font-variant: normal; text-decoration: none; vertical-align: baseline; white-space: pre-wrap;\">&#8211; \u2060tips y recomendaciones<\/span><\/p><p dir=\"ltr\" style=\"line-height: 1.295; margin-top: 0pt; margin-bottom: 8pt;\"><b style=\"font-weight: normal;\">\u00a0<\/b><\/p><p dir=\"ltr\" style=\"line-height: 1.38; margin-top: 0pt; margin-bottom: 0pt;\"><span style=\"font-size: 11pt; font-family: Arial,sans-serif; color: #000000; background-color: transparent; font-weight: bold; font-style: normal; font-variant: normal; text-decoration: none; vertical-align: baseline; white-space: pre-wrap;\">Manejo de Inventarios: Aspecto Fiscal y Contable NIF C-4<\/span><\/p><p dir=\"ltr\" style=\"line-height: 1.38; margin-top: 0pt; margin-bottom: 0pt;\"><span style=\"font-size: 11pt; font-family: Arial,sans-serif; color: #000000; background-color: transparent; font-weight: 400; font-style: normal; font-variant: normal; text-decoration: none; vertical-align: baseline; white-space: pre-wrap;\">&#8211; Definici\u00f3n de inventarios y su clasificaci\u00f3n seg\u00fan NIF C-4.<\/span><\/p><p dir=\"ltr\" style=\"line-height: 1.38; margin-top: 0pt; margin-bottom: 0pt;\"><span style=\"font-size: 11pt; font-family: Arial,sans-serif; color: #000000; background-color: transparent; font-weight: 400; font-style: normal; font-variant: normal; text-decoration: none; vertical-align: baseline; white-space: pre-wrap;\">&#8211; M\u00e9todos de valuaci\u00f3n autorizados<\/span><\/p><p dir=\"ltr\" style=\"line-height: 1.38; margin-top: 0pt; margin-bottom: 0pt;\"><span style=\"font-size: 11pt; font-family: Arial,sans-serif; color: #000000; background-color: transparent; font-weight: 400; font-style: normal; font-variant: normal; text-decoration: none; vertical-align: baseline; white-space: pre-wrap;\">&#8211; Registro inicial, momentos de reconocimiento y baja de inventarios.<\/span><\/p><p dir=\"ltr\" style=\"line-height: 1.38; margin-top: 0pt; margin-bottom: 0pt;\"><span style=\"font-size: 11pt; font-family: Arial,sans-serif; color: #000000; background-color: transparent; font-weight: 400; font-style: normal; font-variant: normal; text-decoration: none; vertical-align: baseline; white-space: pre-wrap;\">&#8211; Pol\u00edticas contables y fiscales aplicables a inventarios en 2025.<\/span><\/p><p dir=\"ltr\" style=\"line-height: 1.38; margin-top: 0pt; margin-bottom: 0pt;\"><span style=\"font-size: 11pt; font-family: Arial,sans-serif; color: #000000; background-color: transparent; font-weight: 400; font-style: normal; font-variant: normal; text-decoration: none; vertical-align: baseline; white-space: pre-wrap;\">&#8211; Revelaci\u00f3n y presentaci\u00f3n en estados financieros conforme NIF C-4.<\/span><\/p><p dir=\"ltr\" style=\"line-height: 1.38; margin-top: 0pt; margin-bottom: 0pt;\"><span style=\"font-size: 11pt; font-family: Arial,sans-serif; color: #000000; background-color: transparent; font-weight: 400; font-style: normal; font-variant: normal; text-decoration: none; vertical-align: baseline; white-space: pre-wrap;\">&#8211; Implicaciones fiscales del costo de lo vendido y controles de inventario.<\/span><\/p><p dir=\"ltr\" style=\"line-height: 1.38; margin-top: 0pt; margin-bottom: 0pt;\"><span style=\"font-size: 11pt; font-family: Arial,sans-serif; color: #000000; background-color: transparent; font-weight: 400; font-style: normal; font-variant: normal; text-decoration: none; vertical-align: baseline; white-space: pre-wrap;\">&#8211; Estado de Costos y su importancia para la determinaci\u00f3n del costo de ventas<\/span><\/p><p dir=\"ltr\" style=\"line-height: 1.38; margin-top: 0pt; margin-bottom: 0pt;\"><span style=\"font-size: 11pt; font-family: Arial,sans-serif; color: #000000; background-color: transparent; font-weight: 400; font-style: normal; font-variant: normal; text-decoration: none; vertical-align: baseline; white-space: pre-wrap;\">&#8211; \u2060Casos pr\u00e1cticos\u00a0<\/span><\/p><p dir=\"ltr\" style=\"line-height: 1.38; margin-top: 0pt; margin-bottom: 0pt;\"><span style=\"font-size: 11pt; font-family: Arial,sans-serif; color: #000000; background-color: transparent; font-weight: 400; font-style: normal; font-variant: normal; text-decoration: none; vertical-align: baseline; white-space: pre-wrap;\">&#8211; \u2060Tips y recomendaciones<\/span><\/p><p dir=\"ltr\" style=\"line-height: 1.295; margin-top: 0pt; margin-bottom: 8pt;\"><b style=\"font-weight: normal;\">\u00a0<\/b><\/p><p dir=\"ltr\" style=\"line-height: 1.38; margin-top: 0pt; margin-bottom: 0pt;\"><span style=\"font-size: 11pt; font-family: Arial,sans-serif; color: #000000; background-color: transparent; font-weight: bold; font-style: normal; font-variant: normal; text-decoration: none; vertical-align: baseline; white-space: pre-wrap;\">Aspectos Fiscales de las NIF en las empresas y su correcta aplicaci\u00f3n<\/span><\/p><p dir=\"ltr\" style=\"line-height: 1.38; margin-top: 0pt; margin-bottom: 0pt;\"><span style=\"font-size: 11pt; font-family: Arial,sans-serif; color: #000000; background-color: transparent; font-weight: 400; font-style: normal; font-variant: normal; text-decoration: none; vertical-align: baseline; white-space: pre-wrap;\">-Postulados b\u00e1sicos de las NIF y su an\u00e1lisis en balanza de comprobaci\u00f3n\u00a0<\/span><\/p><p dir=\"ltr\" style=\"line-height: 1.38; margin-top: 0pt; margin-bottom: 0pt;\"><span style=\"font-size: 11pt; font-family: Arial,sans-serif; color: #000000; background-color: transparent; font-weight: 400; font-style: normal; font-variant: normal; text-decoration: none; vertical-align: baseline; white-space: pre-wrap;\">&#8211; Integraci\u00f3n y conciliaci\u00f3n contable-fiscal en el cierre del ejercicio.<\/span><\/p><p dir=\"ltr\" style=\"line-height: 1.38; margin-top: 0pt; margin-bottom: 0pt;\"><span style=\"font-size: 11pt; font-family: Arial,sans-serif; color: #000000; background-color: transparent; font-weight: 400; font-style: normal; font-variant: normal; text-decoration: none; vertical-align: baseline; white-space: pre-wrap;\">&#8211; Sustancia econ\u00f3mica y raz\u00f3n de negocios\u00a0<\/span><\/p><p dir=\"ltr\" style=\"line-height: 1.38; margin-top: 0pt; margin-bottom: 0pt;\"><span style=\"font-size: 11pt; font-family: Arial,sans-serif; color: #000000; background-color: transparent; font-weight: 400; font-style: normal; font-variant: normal; text-decoration: none; vertical-align: baseline; white-space: pre-wrap;\">&#8211; Documentaci\u00f3n obligatoria y pol\u00edticas de compliance fiscal y contable\u00a0<\/span><\/p><p dir=\"ltr\" style=\"line-height: 1.38; margin-top: 0pt; margin-bottom: 0pt;\"><span style=\"font-size: 11pt; font-family: Arial,sans-serif; color: #000000; background-color: transparent; font-weight: 400; font-style: normal; font-variant: normal; text-decoration: none; vertical-align: baseline; white-space: pre-wrap;\">&#8211; \u2060Materialidad de las operaciones\u00a0<\/span><\/p><p dir=\"ltr\" style=\"line-height: 1.38; margin-top: 0pt; margin-bottom: 0pt;\"><span style=\"font-size: 11pt; font-family: Arial,sans-serif; color: #000000; background-color: transparent; font-weight: 400; font-style: normal; font-variant: normal; text-decoration: none; vertical-align: baseline; white-space: pre-wrap;\">&#8211; Gastos no deducibles fiscales y su registro en contabilidad\u00a0<\/span><\/p><p dir=\"ltr\" style=\"line-height: 1.38; margin-top: 0pt; margin-bottom: 0pt;\"><span style=\"font-size: 11pt; font-family: Arial,sans-serif; color: #000000; background-color: transparent; font-weight: 400; font-style: normal; font-variant: normal; text-decoration: none; vertical-align: baseline; white-space: pre-wrap;\">&#8211; \u2060Notas a estados financieros y revelaci\u00f3n de negocio en marcha\u00a0<\/span><\/p><p dir=\"ltr\" style=\"line-height: 1.38; margin-top: 0pt; margin-bottom: 0pt;\"><span style=\"font-size: 11pt; font-family: Arial,sans-serif; color: #000000; background-color: transparent; font-weight: 400; font-style: normal; font-variant: normal; text-decoration: none; vertical-align: baseline; white-space: pre-wrap;\">&#8211; \u2060Errores contables que impactan en la determinaci\u00f3n de impuestos\u00a0<\/span><\/p><p dir=\"ltr\" style=\"line-height: 1.38; margin-top: 0pt; margin-bottom: 0pt;\"><span style=\"font-size: 11pt; font-family: Arial,sans-serif; color: #000000; background-color: transparent; font-weight: 400; font-style: normal; font-variant: normal; text-decoration: none; vertical-align: baseline; white-space: pre-wrap;\">&#8211; \u2060Importancia de la Provisi\u00f3n de n\u00f3mina\u00a0<\/span><\/p><p dir=\"ltr\" style=\"line-height: 1.38; margin-top: 0pt; margin-bottom: 0pt;\"><span style=\"font-size: 11pt; font-family: Arial,sans-serif; color: #000000; background-color: transparent; font-weight: 400; font-style: normal; font-variant: normal; text-decoration: none; vertical-align: baseline; white-space: pre-wrap;\">&#8211; \u2060Importancia de la provisi\u00f3n de ISR y PTU , y su ajuste anual\u00a0<\/span><\/p><p dir=\"ltr\" style=\"line-height: 1.38; margin-top: 0pt; margin-bottom: 0pt;\"><span style=\"font-size: 11pt; font-family: Arial,sans-serif; color: #000000; background-color: transparent; font-weight: 400; font-style: normal; font-variant: normal; text-decoration: none; vertical-align: baseline; white-space: pre-wrap;\">&#8211; Ejemplos reales y casos pr\u00e1cticos\u00a0<\/span><\/p><p dir=\"ltr\" style=\"line-height: 1.38; margin-top: 0pt; margin-bottom: 0pt;\"><span style=\"font-size: 11pt; font-family: Arial,sans-serif; color: #000000; background-color: transparent; font-weight: 400; font-style: normal; font-variant: normal; text-decoration: none; vertical-align: baseline; white-space: pre-wrap;\">&#8211; \u2060Papeles de trabajo en Excel<\/span><\/p><p dir=\"ltr\" style=\"line-height: 1.38; margin-top: 0pt; margin-bottom: 0pt;\"><span style=\"background-color: transparent; color: #000000; font-family: Arial, sans-serif; font-size: 11pt; white-space-collapse: preserve;\">-\u2060Tips y recomendaciones<\/span><\/p><\/div>\n\t\t\t\t<\/div>\n\t\t\t\t\t\t\t\t<\/div>\n\t\t\t\t\t\t<\/div>\n\t\t\t\t<\/div>\n\t\t\t\t\t<\/div>\n\t\t\t\t<\/div>\n\t\t\t\t<\/div>","protected":false},"excerpt":{"rendered":"<p>Dirigido a Contadores p\u00fablicos, auxiliares contables, administradores, asesores fiscales, emprendedores y profesionales del \u00e1rea financiera que buscan fortalecer su dominio [&hellip;]<\/p>","protected":false},"author":41,"featured_media":12295,"comment_status":"open","ping_status":"closed","template":"","course_category":[],"course_tag":[],"class_list":["post-12294","lp_course","type-lp_course","status-publish","has-post-thumbnail","hentry","course"],"yoast_head":"<!-- This site is optimized with the Yoast SEO plugin v27.5 - https:\/\/yoast.com\/product\/yoast-seo-wordpress\/ -->\n<title>Taller pr\u00e1ctico de Puntos finos Fiscales y contables - Finanzas Confiables<\/title>\n<meta name=\"robots\" content=\"index, follow, max-snippet:-1, max-image-preview:large, max-video-preview:-1\" \/>\n<link rel=\"canonical\" href=\"https:\/\/finanzasconfiables.com\/eng\/cursos-grabados\/taller-practico-de-puntos-finos-fiscales-y-contables\/\" \/>\n<meta property=\"og:locale\" content=\"en_US\" \/>\n<meta property=\"og:type\" content=\"article\" \/>\n<meta property=\"og:title\" content=\"Taller pr\u00e1ctico de Puntos finos Fiscales y contables - Finanzas Confiables\" \/>\n<meta property=\"og:description\" content=\"Dirigido a Contadores p\u00fablicos, auxiliares contables, administradores, asesores fiscales, emprendedores y profesionales del \u00e1rea financiera que buscan fortalecer su dominio [&hellip;]\" \/>\n<meta property=\"og:url\" content=\"https:\/\/finanzasconfiables.com\/eng\/cursos-grabados\/taller-practico-de-puntos-finos-fiscales-y-contables\/\" \/>\n<meta property=\"og:site_name\" content=\"Finanzas Confiables\" \/>\n<meta property=\"article:publisher\" content=\"https:\/\/www.facebook.com\/FinanzasCapacitacion\" \/>\n<meta property=\"article:modified_time\" content=\"2025-11-12T03:32:02+00:00\" \/>\n<meta property=\"og:image\" content=\"https:\/\/finanzasconfiables.com\/wp-content\/uploads\/2025\/11\/WhatsApp-Image-2025-10-29-at-11.38.25-AM.jpeg\" \/>\n\t<meta property=\"og:image:width\" content=\"1196\" \/>\n\t<meta property=\"og:image:height\" content=\"989\" \/>\n\t<meta property=\"og:image:type\" content=\"image\/jpeg\" \/>\n<meta name=\"twitter:card\" content=\"summary_large_image\" \/>\n<meta name=\"twitter:label1\" content=\"Est. reading time\" \/>\n\t<meta name=\"twitter:data1\" content=\"2 minutes\" \/>\n<script type=\"application\/ld+json\" class=\"yoast-schema-graph\">{\"@context\":\"https:\\\/\\\/schema.org\",\"@graph\":[{\"@type\":\"WebPage\",\"@id\":\"https:\\\/\\\/finanzasconfiables.com\\\/eng\\\/cursos-grabados\\\/taller-practico-de-puntos-finos-fiscales-y-contables\\\/\",\"url\":\"https:\\\/\\\/finanzasconfiables.com\\\/eng\\\/cursos-grabados\\\/taller-practico-de-puntos-finos-fiscales-y-contables\\\/\",\"name\":\"Taller pr\u00e1ctico de Puntos finos Fiscales y contables - Finanzas Confiables\",\"isPartOf\":{\"@id\":\"https:\\\/\\\/finanzasconfiables.com\\\/#website\"},\"primaryImageOfPage\":{\"@id\":\"https:\\\/\\\/finanzasconfiables.com\\\/eng\\\/cursos-grabados\\\/taller-practico-de-puntos-finos-fiscales-y-contables\\\/#primaryimage\"},\"image\":{\"@id\":\"https:\\\/\\\/finanzasconfiables.com\\\/eng\\\/cursos-grabados\\\/taller-practico-de-puntos-finos-fiscales-y-contables\\\/#primaryimage\"},\"thumbnailUrl\":\"https:\\\/\\\/finanzasconfiables.com\\\/wp-content\\\/uploads\\\/2025\\\/11\\\/WhatsApp-Image-2025-10-29-at-11.38.25-AM.jpeg\",\"datePublished\":\"2025-11-12T03:29:14+00:00\",\"dateModified\":\"2025-11-12T03:32:02+00:00\",\"breadcrumb\":{\"@id\":\"https:\\\/\\\/finanzasconfiables.com\\\/eng\\\/cursos-grabados\\\/taller-practico-de-puntos-finos-fiscales-y-contables\\\/#breadcrumb\"},\"inLanguage\":\"en-US\",\"potentialAction\":[{\"@type\":\"ReadAction\",\"target\":[\"https:\\\/\\\/finanzasconfiables.com\\\/eng\\\/cursos-grabados\\\/taller-practico-de-puntos-finos-fiscales-y-contables\\\/\"]}]},{\"@type\":\"ImageObject\",\"inLanguage\":\"en-US\",\"@id\":\"https:\\\/\\\/finanzasconfiables.com\\\/eng\\\/cursos-grabados\\\/taller-practico-de-puntos-finos-fiscales-y-contables\\\/#primaryimage\",\"url\":\"https:\\\/\\\/finanzasconfiables.com\\\/wp-content\\\/uploads\\\/2025\\\/11\\\/WhatsApp-Image-2025-10-29-at-11.38.25-AM.jpeg\",\"contentUrl\":\"https:\\\/\\\/finanzasconfiables.com\\\/wp-content\\\/uploads\\\/2025\\\/11\\\/WhatsApp-Image-2025-10-29-at-11.38.25-AM.jpeg\",\"width\":1196,\"height\":989},{\"@type\":\"BreadcrumbList\",\"@id\":\"https:\\\/\\\/finanzasconfiables.com\\\/eng\\\/cursos-grabados\\\/taller-practico-de-puntos-finos-fiscales-y-contables\\\/#breadcrumb\",\"itemListElement\":[{\"@type\":\"ListItem\",\"position\":1,\"name\":\"Portada\",\"item\":\"https:\\\/\\\/finanzasconfiables.com\\\/eng\\\/\"},{\"@type\":\"ListItem\",\"position\":2,\"name\":\"Cursos\",\"item\":\"https:\\\/\\\/finanzasconfiables.com\\\/cursos-grabados\\\/\"},{\"@type\":\"ListItem\",\"position\":3,\"name\":\"Taller pr\u00e1ctico de Puntos finos Fiscales y contables\"}]},{\"@type\":\"WebSite\",\"@id\":\"https:\\\/\\\/finanzasconfiables.com\\\/#website\",\"url\":\"https:\\\/\\\/finanzasconfiables.com\\\/\",\"name\":\"Finanzas Confiables\",\"description\":\"Capacitaci\u00f3n\",\"publisher\":{\"@id\":\"https:\\\/\\\/finanzasconfiables.com\\\/#organization\"},\"alternateName\":\"Contadores y Fiscalistas\",\"potentialAction\":[{\"@type\":\"SearchAction\",\"target\":{\"@type\":\"EntryPoint\",\"urlTemplate\":\"https:\\\/\\\/finanzasconfiables.com\\\/?s={search_term_string}\"},\"query-input\":{\"@type\":\"PropertyValueSpecification\",\"valueRequired\":true,\"valueName\":\"search_term_string\"}}],\"inLanguage\":\"en-US\"},{\"@type\":\"Organization\",\"@id\":\"https:\\\/\\\/finanzasconfiables.com\\\/#organization\",\"name\":\"Finanzas Confiables\",\"url\":\"https:\\\/\\\/finanzasconfiables.com\\\/\",\"logo\":{\"@type\":\"ImageObject\",\"inLanguage\":\"en-US\",\"@id\":\"https:\\\/\\\/finanzasconfiables.com\\\/#\\\/schema\\\/logo\\\/image\\\/\",\"url\":\"https:\\\/\\\/finanzasconfiables.com\\\/wp-content\\\/uploads\\\/2021\\\/12\\\/LOGO-4-FINANZAS-CONFIABLES-1.png\",\"contentUrl\":\"https:\\\/\\\/finanzasconfiables.com\\\/wp-content\\\/uploads\\\/2021\\\/12\\\/LOGO-4-FINANZAS-CONFIABLES-1.png\",\"width\":897,\"height\":598,\"caption\":\"Finanzas Confiables\"},\"image\":{\"@id\":\"https:\\\/\\\/finanzasconfiables.com\\\/#\\\/schema\\\/logo\\\/image\\\/\"},\"sameAs\":[\"https:\\\/\\\/www.facebook.com\\\/FinanzasCapacitacion\",\"https:\\\/\\\/www.instagram.com\\\/finanzasconfiables\\\/\"]}]}<\/script>\n<!-- \/ Yoast SEO plugin. -->","yoast_head_json":{"title":"Taller pr\u00e1ctico de Puntos finos Fiscales y contables - Finanzas Confiables","robots":{"index":"index","follow":"follow","max-snippet":"max-snippet:-1","max-image-preview":"max-image-preview:large","max-video-preview":"max-video-preview:-1"},"canonical":"https:\/\/finanzasconfiables.com\/eng\/cursos-grabados\/taller-practico-de-puntos-finos-fiscales-y-contables\/","og_locale":"en_US","og_type":"article","og_title":"Taller pr\u00e1ctico de Puntos finos Fiscales y contables - Finanzas Confiables","og_description":"Dirigido a Contadores p\u00fablicos, auxiliares contables, administradores, asesores fiscales, emprendedores y profesionales del \u00e1rea financiera que buscan fortalecer su dominio [&hellip;]","og_url":"https:\/\/finanzasconfiables.com\/eng\/cursos-grabados\/taller-practico-de-puntos-finos-fiscales-y-contables\/","og_site_name":"Finanzas Confiables","article_publisher":"https:\/\/www.facebook.com\/FinanzasCapacitacion","article_modified_time":"2025-11-12T03:32:02+00:00","og_image":[{"width":1196,"height":989,"url":"https:\/\/finanzasconfiables.com\/wp-content\/uploads\/2025\/11\/WhatsApp-Image-2025-10-29-at-11.38.25-AM.jpeg","type":"image\/jpeg"}],"twitter_card":"summary_large_image","twitter_misc":{"Est. reading time":"2 minutes"},"schema":{"@context":"https:\/\/schema.org","@graph":[{"@type":"WebPage","@id":"https:\/\/finanzasconfiables.com\/eng\/cursos-grabados\/taller-practico-de-puntos-finos-fiscales-y-contables\/","url":"https:\/\/finanzasconfiables.com\/eng\/cursos-grabados\/taller-practico-de-puntos-finos-fiscales-y-contables\/","name":"Taller pr\u00e1ctico de Puntos finos Fiscales y contables - Finanzas Confiables","isPartOf":{"@id":"https:\/\/finanzasconfiables.com\/#website"},"primaryImageOfPage":{"@id":"https:\/\/finanzasconfiables.com\/eng\/cursos-grabados\/taller-practico-de-puntos-finos-fiscales-y-contables\/#primaryimage"},"image":{"@id":"https:\/\/finanzasconfiables.com\/eng\/cursos-grabados\/taller-practico-de-puntos-finos-fiscales-y-contables\/#primaryimage"},"thumbnailUrl":"https:\/\/finanzasconfiables.com\/wp-content\/uploads\/2025\/11\/WhatsApp-Image-2025-10-29-at-11.38.25-AM.jpeg","datePublished":"2025-11-12T03:29:14+00:00","dateModified":"2025-11-12T03:32:02+00:00","breadcrumb":{"@id":"https:\/\/finanzasconfiables.com\/eng\/cursos-grabados\/taller-practico-de-puntos-finos-fiscales-y-contables\/#breadcrumb"},"inLanguage":"en-US","potentialAction":[{"@type":"ReadAction","target":["https:\/\/finanzasconfiables.com\/eng\/cursos-grabados\/taller-practico-de-puntos-finos-fiscales-y-contables\/"]}]},{"@type":"ImageObject","inLanguage":"en-US","@id":"https:\/\/finanzasconfiables.com\/eng\/cursos-grabados\/taller-practico-de-puntos-finos-fiscales-y-contables\/#primaryimage","url":"https:\/\/finanzasconfiables.com\/wp-content\/uploads\/2025\/11\/WhatsApp-Image-2025-10-29-at-11.38.25-AM.jpeg","contentUrl":"https:\/\/finanzasconfiables.com\/wp-content\/uploads\/2025\/11\/WhatsApp-Image-2025-10-29-at-11.38.25-AM.jpeg","width":1196,"height":989},{"@type":"BreadcrumbList","@id":"https:\/\/finanzasconfiables.com\/eng\/cursos-grabados\/taller-practico-de-puntos-finos-fiscales-y-contables\/#breadcrumb","itemListElement":[{"@type":"ListItem","position":1,"name":"Portada","item":"https:\/\/finanzasconfiables.com\/eng\/"},{"@type":"ListItem","position":2,"name":"Cursos","item":"https:\/\/finanzasconfiables.com\/cursos-grabados\/"},{"@type":"ListItem","position":3,"name":"Taller pr\u00e1ctico de Puntos finos Fiscales y contables"}]},{"@type":"WebSite","@id":"https:\/\/finanzasconfiables.com\/#website","url":"https:\/\/finanzasconfiables.com\/","name":"Finanzas Confiables","description":"Capacitaci\u00f3n","publisher":{"@id":"https:\/\/finanzasconfiables.com\/#organization"},"alternateName":"Contadores y Fiscalistas","potentialAction":[{"@type":"SearchAction","target":{"@type":"EntryPoint","urlTemplate":"https:\/\/finanzasconfiables.com\/?s={search_term_string}"},"query-input":{"@type":"PropertyValueSpecification","valueRequired":true,"valueName":"search_term_string"}}],"inLanguage":"en-US"},{"@type":"Organization","@id":"https:\/\/finanzasconfiables.com\/#organization","name":"Finanzas Confiables","url":"https:\/\/finanzasconfiables.com\/","logo":{"@type":"ImageObject","inLanguage":"en-US","@id":"https:\/\/finanzasconfiables.com\/#\/schema\/logo\/image\/","url":"https:\/\/finanzasconfiables.com\/wp-content\/uploads\/2021\/12\/LOGO-4-FINANZAS-CONFIABLES-1.png","contentUrl":"https:\/\/finanzasconfiables.com\/wp-content\/uploads\/2021\/12\/LOGO-4-FINANZAS-CONFIABLES-1.png","width":897,"height":598,"caption":"Finanzas Confiables"},"image":{"@id":"https:\/\/finanzasconfiables.com\/#\/schema\/logo\/image\/"},"sameAs":["https:\/\/www.facebook.com\/FinanzasCapacitacion","https:\/\/www.instagram.com\/finanzasconfiables\/"]}]}},"_links":{"self":[{"href":"https:\/\/finanzasconfiables.com\/eng\/wp-json\/wp\/v2\/lp_course\/12294","targetHints":{"allow":["GET"]}}],"collection":[{"href":"https:\/\/finanzasconfiables.com\/eng\/wp-json\/wp\/v2\/lp_course"}],"about":[{"href":"https:\/\/finanzasconfiables.com\/eng\/wp-json\/wp\/v2\/types\/lp_course"}],"author":[{"embeddable":true,"href":"https:\/\/finanzasconfiables.com\/eng\/wp-json\/wp\/v2\/users\/41"}],"replies":[{"embeddable":true,"href":"https:\/\/finanzasconfiables.com\/eng\/wp-json\/wp\/v2\/comments?post=12294"}],"version-history":[{"count":4,"href":"https:\/\/finanzasconfiables.com\/eng\/wp-json\/wp\/v2\/lp_course\/12294\/revisions"}],"predecessor-version":[{"id":12334,"href":"https:\/\/finanzasconfiables.com\/eng\/wp-json\/wp\/v2\/lp_course\/12294\/revisions\/12334"}],"wp:featuredmedia":[{"embeddable":true,"href":"https:\/\/finanzasconfiables.com\/eng\/wp-json\/wp\/v2\/media\/12295"}],"wp:attachment":[{"href":"https:\/\/finanzasconfiables.com\/eng\/wp-json\/wp\/v2\/media?parent=12294"}],"wp:term":[{"taxonomy":"course_category","embeddable":true,"href":"https:\/\/finanzasconfiables.com\/eng\/wp-json\/wp\/v2\/course_category?post=12294"},{"taxonomy":"course_tag","embeddable":true,"href":"https:\/\/finanzasconfiables.com\/eng\/wp-json\/wp\/v2\/course_tag?post=12294"}],"curies":[{"name":"wp","href":"https:\/\/api.w.org\/{rel}","templated":true}]}}